{"id":12,"date":"2019-03-08T11:41:03","date_gmt":"2019-03-08T11:41:03","guid":{"rendered":"http:\/\/172.16.16.53\/?page_id=12"},"modified":"2019-03-08T11:41:03","modified_gmt":"2019-03-08T11:41:03","slug":"genelge","status":"publish","type":"page","link":"https:\/\/fuatsezgin.idu.edu.tr\/index.php\/genelge\/","title":{"rendered":"GENELGE"},"content":{"rendered":"\n<p>&#8211; 2018\/6\nSay\u0131l\u0131 Cumhurba\u015fkanl\u0131\u011f\u0131 Genelgesi<\/p>\n\n\n\n<p>\u201c2019\ny\u0131l\u0131n\u0131n \u201cProf. Dr. Fuat Sezgin Y\u0131l\u0131\u201d olarak ilan edilmesi uygun g\u00f6r\u00fclm\u00fc\u015ft\u00fcr. <\/p>\n\n\n\n<p>Bu\nkapsamda ger\u00e7ekle\u015ftirilecek organizasyonlar Prof. Dr. Fuat Sezgin \u0130slam Bilim\nTarihi Ara\u015ft\u0131rmalar\u0131 Vakf\u0131 ile birlikte yap\u0131lacakt\u0131r. <\/p>\n\n\n\n<p>\u0130slam\nk\u00fclt\u00fcr ve medeniyetinin daha iyi anla\u015f\u0131lmas\u0131n\u0131 sa\u011flamak ve onu yeni nesillere\nen do\u011fru \u015fekilde aktarmak amac\u0131yla yap\u0131lacak s\u00f6z konusu \u00e7al\u0131\u015fmalara ilgili t\u00fcm\nkamu kurum ve kurulu\u015flar\u0131nca her t\u00fcrl\u00fc destek ve katk\u0131n\u0131n sa\u011flanmas\u0131 hususunda\ngere\u011fini rica ederim.\u201d<\/p>\n\n\n\n<p style=\"text-align:right\">5 Eyl\u00fcl\n2018<\/p>\n\n\n\n<p style=\"text-align:right\">Recep\nTayyip ERDO\u011eAN<\/p>\n\n\n\n<p style=\"text-align:right\">CUMHURBA\u015eKANI<\/p>\n","protected":false},"excerpt":{"rendered":"<p>&#8211; 2018\/6 Say\u0131l\u0131 Cumhurba\u015fkanl\u0131\u011f\u0131 Genelgesi \u201c2019 y\u0131l\u0131n\u0131n \u201cProf. Dr. Fuat Sezgin Y\u0131l\u0131\u201d olarak ilan edilmesi uygun g\u00f6r\u00fclm\u00fc\u015ft\u00fcr. Bu kapsamda ger\u00e7ekle\u015ftirilecek organizasyonlar Prof. Dr. Fuat Sezgin \u0130slam Bilim Tarihi Ara\u015ft\u0131rmalar\u0131 Vakf\u0131 ile birlikte yap\u0131lacakt\u0131r. \u0130slam k\u00fclt\u00fcr ve medeniyetinin daha iyi anla\u015f\u0131lmas\u0131n\u0131 sa\u011flamak ve onu yeni nesillere en do\u011fru \u015fekilde aktarmak amac\u0131yla yap\u0131lacak s\u00f6z konusu \u00e7al\u0131\u015fmalara ilgili t\u00fcm kamu kurum ve kurulu\u015flar\u0131nca her t\u00fcrl\u00fc destek ve katk\u0131n\u0131n sa\u011flanmas\u0131 hususunda gere\u011fini rica ederim.\u201d 5 Eyl\u00fcl 2018 Recep Tayyip ERDO\u011eAN CUMHURBA\u015eKANI<\/p>\n","protected":false},"author":1,"featured_media":0,"parent":0,"menu_order":0,"comment_status":"closed","ping_status":"closed","template":"","meta":{"footnotes":""},"class_list":["post-12","page","type-page","status-publish","hentry"],"_links":{"self":[{"href":"https:\/\/fuatsezgin.idu.edu.tr\/index.php\/wp-json\/wp\/v2\/pages\/12","targetHints":{"allow":["GET"]}}],"collection":[{"href":"https:\/\/fuatsezgin.idu.edu.tr\/index.php\/wp-json\/wp\/v2\/pages"}],"about":[{"href":"https:\/\/fuatsezgin.idu.edu.tr\/index.php\/wp-json\/wp\/v2\/types\/page"}],"author":[{"embeddable":true,"href":"https:\/\/fuatsezgin.idu.edu.tr\/index.php\/wp-json\/wp\/v2\/users\/1"}],"replies":[{"embeddable":true,"href":"https:\/\/fuatsezgin.idu.edu.tr\/index.php\/wp-json\/wp\/v2\/comments?post=12"}],"version-history":[{"count":1,"href":"https:\/\/fuatsezgin.idu.edu.tr\/index.php\/wp-json\/wp\/v2\/pages\/12\/revisions"}],"predecessor-version":[{"id":13,"href":"https:\/\/fuatsezgin.idu.edu.tr\/index.php\/wp-json\/wp\/v2\/pages\/12\/revisions\/13"}],"wp:attachment":[{"href":"https:\/\/fuatsezgin.idu.edu.tr\/index.php\/wp-json\/wp\/v2\/media?parent=12"}],"curies":[{"name":"wp","href":"https:\/\/api.w.org\/{rel}","templated":true}]}}